{"id":17370,"date":"2024-09-13T22:37:10","date_gmt":"2024-09-13T22:37:10","guid":{"rendered":"https:\/\/beta.terceirapessoa.pt\/portfolio_page\/where-olive-trees-grow-men-dont-die\/"},"modified":"2024-11-02T00:12:43","modified_gmt":"2024-11-02T00:12:43","slug":"onde-as-oliveiras-crescem-os-homens-nao-morrem","status":"publish","type":"portfolio_page","link":"https:\/\/www.terceirapessoa.pt\/en\/portfolio_page\/onde-as-oliveiras-crescem-os-homens-nao-morrem\/","title":{"rendered":"WHERE OLIVE TREES GROW MEN DON&#8217;T DIE"},"content":{"rendered":"<div style=\"height:30px\" aria-hidden=\"true\" class=\"wp-block-spacer\"><\/div><hr class=\"wp-block-separator has-alpha-channel-opacity\"\/><h2 class=\"wp-block-heading\">COMMUNITY PROJECTS<\/h2><div style=\"height:30px\" aria-hidden=\"true\" class=\"wp-block-spacer\"><\/div><h5 class=\"wp-block-heading has-text-color has-link-color wp-elements-f1ea0ed84757d1ec135a8df5b2ec57c1\" style=\"color:#ea202c\">SYNOPSIS<\/h5><p><strong>Where Olive Trees Grow Men Don&#8217;t Die<\/strong> bears witness to a story of belief that art can play an active role in society. It was this story that we found in four villages in the interior of Portugal &#8211; Barba\u00eddo, Ch\u00e3o da V\u00e3, Freixial do Campo and Juncal do Campo &#8211; where there is a project to develop the villages through artistic practices: &#8220;H\u00e1 Festa no Campo\/Aldeias Art\u00edsticas&#8221;. <\/p><p>The development of this project is thus documented, embodying a community experience and making it possible to replicate it in other territories.<\/p><div style=\"height:30px\" aria-hidden=\"true\" class=\"wp-block-spacer\"><\/div><h5 class=\"wp-block-heading has-text-color has-link-color wp-elements-c7af0e94a85a47a97a1924bf73fbbe0a\" style=\"color:#ea202c\">ARTISTIC AND TECHNICAL FILE<\/h5><p><strong><br\/><\/strong><strong><br\/>director_<\/strong> Tiago Moura and Pedro Pires<\/p><p><strong>photography and editing_<\/strong> Tiago Moura<\/p><p><strong>sound_<\/strong> \u00c1lvaro Santos and Pedro Pires<\/p><p><strong>executive production_<\/strong> Ana Gil and Nuno Le\u00e3o<\/p><p><strong>special participation_<\/strong> Ti Vaz and Sim\u00e3o Diamantino<\/p><p><strong>production_<\/strong> Third Person<\/p><p><strong>support_<\/strong> Calouste Gulbenkian Foundation \/ Partis Program<\/p><div style=\"height:30px\" aria-hidden=\"true\" class=\"wp-block-spacer\"><\/div><h5 class=\"wp-block-heading has-text-color has-link-color wp-elements-dcad74c7d07c7f683a3a98240d7d885f\" style=\"color:#ea202c\">GALLERY<\/h5><div class=\"wp-block-group\"><div class=\"wp-block-group__inner-container is-layout-constrained wp-block-group-is-layout-constrained\"><div class=\"wp-block-qi-blocks-image-gallery qodef-block-container qodef-block-4a3dfff8\"><div class=\"qi-block-image-gallery qodef-block qodef-m qi-block-fslightbox-popup qodef-popup-gallery\"><div class=\"qodef-gutenberg-section qodef--columns qodef-col-num--3 qodef-responsive--predefined\"><div class=\"qodef-gutenberg-row\"><div class=\"qodef-gutenberg-column qodef-e qodef-image-wrapper\"><div class=\"qodef-gutenberg-column-inner qodef-e-inner\"><a class=\"qodef-popup-item\" href=\"https:\/\/www.terceirapessoa.pt\/wp-content\/uploads\/2024\/09\/DOCUMENTARIO.jpg\" data-type=\"image\" data-fslightbox=\"gallery-160\"><img loading=\"lazy\" decoding=\"async\" width=\"1000\" height=\"563\" class=\"qodef-e-image wp-image-16223\" src=\"https:\/\/www.terceirapessoa.pt\/wp-content\/uploads\/2024\/09\/DOCUMENTARIO.jpg\" alt=\"\" srcset=\"https:\/\/www.terceirapessoa.pt\/wp-content\/uploads\/2024\/09\/DOCUMENTARIO.jpg 1000w, https:\/\/www.terceirapessoa.pt\/wp-content\/uploads\/2024\/09\/DOCUMENTARIO-300x169.jpg 300w, https:\/\/www.terceirapessoa.pt\/wp-content\/uploads\/2024\/09\/DOCUMENTARIO-768x432.jpg 768w, https:\/\/www.terceirapessoa.pt\/wp-content\/uploads\/2024\/09\/DOCUMENTARIO-700x394.jpg 700w, https:\/\/www.terceirapessoa.pt\/wp-content\/uploads\/2024\/09\/DOCUMENTARIO-539x303.jpg 539w, https:\/\/www.terceirapessoa.pt\/wp-content\/uploads\/2024\/09\/DOCUMENTARIO-600x338.jpg 600w\" sizes=\"auto, (max-width: 1000px) 100vw, 1000px\" \/><\/a><\/div><\/div><div class=\"qodef-gutenberg-column qodef-e qodef-image-wrapper\"><div class=\"qodef-gutenberg-column-inner qodef-e-inner\"><a class=\"qodef-popup-item\" href=\"https:\/\/www.terceirapessoa.pt\/wp-content\/uploads\/2024\/09\/ENTREVISTAS.jpg\" data-type=\"image\" data-fslightbox=\"gallery-160\"><img loading=\"lazy\" decoding=\"async\" width=\"1000\" height=\"648\" class=\"qodef-e-image wp-image-16224\" src=\"https:\/\/www.terceirapessoa.pt\/wp-content\/uploads\/2024\/09\/ENTREVISTAS.jpg\" alt=\"\" srcset=\"https:\/\/www.terceirapessoa.pt\/wp-content\/uploads\/2024\/09\/ENTREVISTAS.jpg 1000w, https:\/\/www.terceirapessoa.pt\/wp-content\/uploads\/2024\/09\/ENTREVISTAS-300x194.jpg 300w, https:\/\/www.terceirapessoa.pt\/wp-content\/uploads\/2024\/09\/ENTREVISTAS-768x498.jpg 768w, https:\/\/www.terceirapessoa.pt\/wp-content\/uploads\/2024\/09\/ENTREVISTAS-400x260.jpg 400w, https:\/\/www.terceirapessoa.pt\/wp-content\/uploads\/2024\/09\/ENTREVISTAS-700x454.jpg 700w, https:\/\/www.terceirapessoa.pt\/wp-content\/uploads\/2024\/09\/ENTREVISTAS-600x389.jpg 600w\" sizes=\"auto, (max-width: 1000px) 100vw, 1000px\" \/><\/a><\/div><\/div><div class=\"qodef-gutenberg-column qodef-e qodef-image-wrapper\"><div class=\"qodef-gutenberg-column-inner qodef-e-inner\"><a class=\"qodef-popup-item\" href=\"https:\/\/www.terceirapessoa.pt\/wp-content\/uploads\/2024\/09\/HEADER_ha_festa_campo.jpg\" data-type=\"image\" data-fslightbox=\"gallery-160\"><img loading=\"lazy\" decoding=\"async\" width=\"1630\" height=\"700\" class=\"qodef-e-image wp-image-16225\" src=\"https:\/\/www.terceirapessoa.pt\/wp-content\/uploads\/2024\/09\/HEADER_ha_festa_campo.jpg\" alt=\"\" srcset=\"https:\/\/www.terceirapessoa.pt\/wp-content\/uploads\/2024\/09\/HEADER_ha_festa_campo.jpg 1630w, https:\/\/www.terceirapessoa.pt\/wp-content\/uploads\/2024\/09\/HEADER_ha_festa_campo-300x129.jpg 300w, https:\/\/www.terceirapessoa.pt\/wp-content\/uploads\/2024\/09\/HEADER_ha_festa_campo-1024x440.jpg 1024w, https:\/\/www.terceirapessoa.pt\/wp-content\/uploads\/2024\/09\/HEADER_ha_festa_campo-768x330.jpg 768w, https:\/\/www.terceirapessoa.pt\/wp-content\/uploads\/2024\/09\/HEADER_ha_festa_campo-1536x660.jpg 1536w, https:\/\/www.terceirapessoa.pt\/wp-content\/uploads\/2024\/09\/HEADER_ha_festa_campo-700x301.jpg 700w, https:\/\/www.terceirapessoa.pt\/wp-content\/uploads\/2024\/09\/HEADER_ha_festa_campo-600x258.jpg 600w\" sizes=\"auto, (max-width: 1630px) 100vw, 1630px\" \/><\/a><\/div><\/div><div class=\"qodef-gutenberg-column qodef-e qodef-image-wrapper\"><div class=\"qodef-gutenberg-column-inner qodef-e-inner\"><a class=\"qodef-popup-item\" href=\"https:\/\/www.terceirapessoa.pt\/wp-content\/uploads\/2024\/09\/IMG_9604.jpg\" data-type=\"image\" data-fslightbox=\"gallery-160\"><img loading=\"lazy\" decoding=\"async\" width=\"1000\" height=\"667\" class=\"qodef-e-image wp-image-16226\" src=\"https:\/\/www.terceirapessoa.pt\/wp-content\/uploads\/2024\/09\/IMG_9604.jpg\" alt=\"\" srcset=\"https:\/\/www.terceirapessoa.pt\/wp-content\/uploads\/2024\/09\/IMG_9604.jpg 1000w, https:\/\/www.terceirapessoa.pt\/wp-content\/uploads\/2024\/09\/IMG_9604-300x200.jpg 300w, https:\/\/www.terceirapessoa.pt\/wp-content\/uploads\/2024\/09\/IMG_9604-768x512.jpg 768w, https:\/\/www.terceirapessoa.pt\/wp-content\/uploads\/2024\/09\/IMG_9604-700x467.jpg 700w, https:\/\/www.terceirapessoa.pt\/wp-content\/uploads\/2024\/09\/IMG_9604-600x400.jpg 600w\" sizes=\"auto, (max-width: 1000px) 100vw, 1000px\" \/><\/a><\/div><\/div><div class=\"qodef-gutenberg-column qodef-e qodef-image-wrapper\"><div class=\"qodef-gutenberg-column-inner qodef-e-inner\"><a class=\"qodef-popup-item\" href=\"https:\/\/www.terceirapessoa.pt\/wp-content\/uploads\/2024\/09\/onde-as-oliveiras-crescem.jpg\" data-type=\"image\" data-fslightbox=\"gallery-160\"><img loading=\"lazy\" decoding=\"async\" width=\"2048\" height=\"1365\" class=\"qodef-e-image wp-image-16227\" src=\"https:\/\/www.terceirapessoa.pt\/wp-content\/uploads\/2024\/09\/onde-as-oliveiras-crescem.jpg\" alt=\"\" srcset=\"https:\/\/www.terceirapessoa.pt\/wp-content\/uploads\/2024\/09\/onde-as-oliveiras-crescem.jpg 2048w, https:\/\/www.terceirapessoa.pt\/wp-content\/uploads\/2024\/09\/onde-as-oliveiras-crescem-300x200.jpg 300w, https:\/\/www.terceirapessoa.pt\/wp-content\/uploads\/2024\/09\/onde-as-oliveiras-crescem-1024x683.jpg 1024w, https:\/\/www.terceirapessoa.pt\/wp-content\/uploads\/2024\/09\/onde-as-oliveiras-crescem-768x512.jpg 768w, https:\/\/www.terceirapessoa.pt\/wp-content\/uploads\/2024\/09\/onde-as-oliveiras-crescem-1536x1024.jpg 1536w, https:\/\/www.terceirapessoa.pt\/wp-content\/uploads\/2024\/09\/onde-as-oliveiras-crescem-700x467.jpg 700w, https:\/\/www.terceirapessoa.pt\/wp-content\/uploads\/2024\/09\/onde-as-oliveiras-crescem-600x400.jpg 600w\" sizes=\"auto, (max-width: 2048px) 100vw, 2048px\" \/><\/a><\/div><\/div><div class=\"qodef-gutenberg-column qodef-e qodef-image-wrapper\"><div class=\"qodef-gutenberg-column-inner qodef-e-inner\"><a class=\"qodef-popup-item\" href=\"https:\/\/www.terceirapessoa.pt\/wp-content\/uploads\/2024\/09\/thumbnails_video_topo3.jpg\" data-type=\"image\" data-fslightbox=\"gallery-160\"><img loading=\"lazy\" decoding=\"async\" width=\"650\" height=\"400\" class=\"qodef-e-image wp-image-16228\" src=\"https:\/\/www.terceirapessoa.pt\/wp-content\/uploads\/2024\/09\/thumbnails_video_topo3.jpg\" alt=\"\" srcset=\"https:\/\/www.terceirapessoa.pt\/wp-content\/uploads\/2024\/09\/thumbnails_video_topo3.jpg 650w, https:\/\/www.terceirapessoa.pt\/wp-content\/uploads\/2024\/09\/thumbnails_video_topo3-300x185.jpg 300w, https:\/\/www.terceirapessoa.pt\/wp-content\/uploads\/2024\/09\/thumbnails_video_topo3-600x369.jpg 600w\" sizes=\"auto, (max-width: 650px) 100vw, 650px\" \/><\/a><\/div><\/div><\/div><\/div><\/div><\/div><\/div><\/div><div class=\"wp-block-columns is-layout-flex wp-container-core-columns-is-layout-9d6595d7 wp-block-columns-is-layout-flex\"><div class=\"wp-block-column is-layout-flow wp-block-column-is-layout-flow\" style=\"flex-basis:100%\"><div class=\"wp-block-qi-blocks-image-gallery qodef-block-container qodef-block-f7f0cfad\"><div class=\"qi-block-image-gallery qodef-block qodef-m qi-block-fslightbox-popup qodef-popup-gallery\"><\/div><\/div><\/div><\/div><div style=\"height:30px\" aria-hidden=\"true\" class=\"wp-block-spacer\"><\/div><h5 class=\"wp-block-heading has-text-color has-link-color wp-elements-947d57c42d5e8f31117cd214a18c7cc4\" style=\"color:#ea202c\">VIDEOS<\/h5><figure class=\"wp-block-embed is-type-video is-provider-vimeo wp-block-embed-vimeo wp-embed-aspect-16-9 wp-has-aspect-ratio\"><div class=\"wp-block-embed__wrapper\"> \n<iframe loading=\"lazy\" title=\"ONDE AS OLIVEIRAS CRESCEM OS HOMENS N\u00c3O MORREM\" src=\"https:\/\/player.vimeo.com\/video\/234531112?dnt=1&amp;app_id=122963\" width=\"1060\" height=\"596\" frameborder=\"0\" allow=\"autoplay; fullscreen; picture-in-picture; clipboard-write\"><\/iframe>\n <\/div><figcaption class=\"wp-element-caption\">WHERE OLIVE TREES GROW MEN DON&#8217;T DIE<\/figcaption><\/figure><figure class=\"wp-block-embed is-type-video is-provider-vimeo wp-block-embed-vimeo wp-embed-aspect-16-9 wp-has-aspect-ratio\"><div class=\"wp-block-embed__wrapper\"> \n<iframe loading=\"lazy\" title=\"H\u00e1 Festa no Campo \/ Aldeias Art\u00edsticas 2016\" src=\"https:\/\/player.vimeo.com\/video\/173693333?dnt=1&amp;app_id=122963\" width=\"1060\" height=\"596\" frameborder=\"0\" allow=\"autoplay; fullscreen; picture-in-picture; clipboard-write\"><\/iframe>\n <\/div><figcaption class=\"wp-element-caption\">There&#8217;s a Party in the Countryside \/ Artistic Villages 2016<\/figcaption><\/figure><h5 class=\"wp-block-heading has-text-color has-link-color wp-elements-93fd5df7a19eb36c416905c86baaadd0\" style=\"color:#ea202c\">DIGRESSION<\/h5><div class=\"qode-workflow \">\n    <span class=\"main-line\" style=\"background-color:#dd3333;\"><\/span>\n    <div class=\"qode-workflow-item\">\n    <span class=\"line\" style=\"background-color:#dd3333;\"><\/span>\n    <div class=\"qode-workflow-item-inner reverse\">\n        <div class=\"qode-workflow-image center\">\n                    <\/div>\n        <div class=\"qode-workflow-text\">\n            <span class=\"circle\" style=\"border-color:#ffffff;background-color:#dd3333;\"><\/span>\n                            <h3>14 January 2017<\/h3>\n                                        <h6 class=\"qode-workflow-subtitle\">STREET<\/h6>\n                                        <p class=\"text\">Lisbon &gt; Calouste Gulbenkian Foundation<\/p>\n                    <\/div>\n    <\/div>\n<\/div><div class=\"qode-workflow-item\">\n    <span class=\"line\" style=\"background-color:#dd3333;\"><\/span>\n    <div class=\"qode-workflow-item-inner \">\n        <div class=\"qode-workflow-image center\">\n                    <\/div>\n        <div class=\"qode-workflow-text\">\n            <span class=\"circle\" style=\"border-color:#ffffff;background-color:#dd3333;\"><\/span>\n                            <h3>17 May 2017<\/h3>\n                                        <h6 class=\"qode-workflow-subtitle\">PUBLIC SHOW<\/h6>\n                                        <p class=\"text\">Castelo Branco &gt; Cine-Teatro Avenida Auditorium<\/p>\n                    <\/div>\n    <\/div>\n<\/div><div class=\"qode-workflow-item\">\n    <span class=\"line\" style=\"background-color:#dd3333;\"><\/span>\n    <div class=\"qode-workflow-item-inner reverse\">\n        <div class=\"qode-workflow-image center\">\n                    <\/div>\n        <div class=\"qode-workflow-text\">\n            <span class=\"circle\" style=\"border-color:#ffffff;background-color:#dd3333;\"><\/span>\n                            <h3>25 May 2017<\/h3>\n                                        <h6 class=\"qode-workflow-subtitle\">PUBLIC SHOW<\/h6>\n                                        <p class=\"text\">Torres Vedras &gt; Teatro-Cine Torres Vedras, Caf\u00e9 com Filmes<\/p>\n                    <\/div>\n    <\/div>\n<\/div><div class=\"qode-workflow-item\">\n    <span class=\"line\" style=\"background-color:#dd3333;\"><\/span>\n    <div class=\"qode-workflow-item-inner \">\n        <div class=\"qode-workflow-image center\">\n                    <\/div>\n        <div class=\"qode-workflow-text\">\n            <span class=\"circle\" style=\"border-color:#ffffff;background-color:#dd3333;\"><\/span>\n                            <h3>3 June 2017<\/h3>\n                                        <h6 class=\"qode-workflow-subtitle\">PUBLIC SHOW<\/h6>\n                                        <p class=\"text\">Alcains &gt; Alcains Cultural Center<\/p>\n                    <\/div>\n    <\/div>\n<\/div><div class=\"qode-workflow-item\">\n    <span class=\"line\" style=\"background-color:#dd3333;\"><\/span>\n    <div class=\"qode-workflow-item-inner reverse\">\n        <div class=\"qode-workflow-image center\">\n                    <\/div>\n        <div class=\"qode-workflow-text\">\n            <span class=\"circle\" style=\"border-color:#ffffff;background-color:#dd3333;\"><\/span>\n                            <h3>15 July 2017<\/h3>\n                                        <h6 class=\"qode-workflow-subtitle\">PUBLIC SHOW<\/h6>\n                                        <p class=\"text\">Santar\u00e9m &gt; S\u00e1 da Bandeira Theater<\/p>\n                    <\/div>\n    <\/div>\n<\/div><div class=\"qode-workflow-item\">\n    <span class=\"line\" style=\"background-color:#dd3333;\"><\/span>\n    <div class=\"qode-workflow-item-inner \">\n        <div class=\"qode-workflow-image center\">\n                    <\/div>\n        <div class=\"qode-workflow-text\">\n            <span class=\"circle\" style=\"border-color:#ffffff;background-color:#dd3333;\"><\/span>\n                            <h3>14 September 2017<\/h3>\n                                        <h6 class=\"qode-workflow-subtitle\">PUBLIC SHOW<\/h6>\n                                        <p class=\"text\">Estarreja &gt; Cine-Teatro de Estarreja, Estarreja Arte Urbana (ESTAU)<\/p>\n                    <\/div>\n    <\/div>\n<\/div><div class=\"qode-workflow-item\">\n    <span class=\"line\" style=\"background-color:#dd3333;\"><\/span>\n    <div class=\"qode-workflow-item-inner reverse\">\n        <div class=\"qode-workflow-image center\">\n                    <\/div>\n        <div class=\"qode-workflow-text\">\n            <span class=\"circle\" style=\"border-color:#ffffff;background-color:#dd3333;\"><\/span>\n                            <h3>15 September 2017<\/h3>\n                                        <h6 class=\"qode-workflow-subtitle\">PUBLIC SHOW<\/h6>\n                                        <p class=\"text\">Cartaxo &gt; Cartaxo Cultural Center, Diverse Materials Festival<\/p>\n                    <\/div>\n    <\/div>\n<\/div><div class=\"qode-workflow-item\">\n    <span class=\"line\" style=\"background-color:#dd3333;\"><\/span>\n    <div class=\"qode-workflow-item-inner \">\n        <div class=\"qode-workflow-image center\">\n                    <\/div>\n        <div class=\"qode-workflow-text\">\n            <span class=\"circle\" style=\"border-color:#ffffff;background-color:#dd3333;\"><\/span>\n                            <h3>16 September 2017<\/h3>\n                                        <h6 class=\"qode-workflow-subtitle\">PUBLIC SHOW<\/h6>\n                                        <p class=\"text\">Porto &gt; Cinema Trindade, MEXE - International Meeting of Art and Community<\/p>\n                    <\/div>\n    <\/div>\n<\/div><div class=\"qode-workflow-item\">\n    <span class=\"line\" style=\"background-color:#dd3333;\"><\/span>\n    <div class=\"qode-workflow-item-inner reverse\">\n        <div class=\"qode-workflow-image center\">\n                    <\/div>\n        <div class=\"qode-workflow-text\">\n            <span class=\"circle\" style=\"border-color:#ffffff;background-color:#dd3333;\"><\/span>\n                            <h3>21 September 2017<\/h3>\n                                        <h6 class=\"qode-workflow-subtitle\">PUBLIC SHOW<\/h6>\n                                        <p class=\"text\">Leiria &gt; Polytechnic Institute of Leiria, Leiria: Public Art<\/p>\n                    <\/div>\n    <\/div>\n<\/div><div class=\"qode-workflow-item\">\n    <span class=\"line\" style=\"background-color:#dd3333;\"><\/span>\n    <div class=\"qode-workflow-item-inner \">\n        <div class=\"qode-workflow-image center\">\n                    <\/div>\n        <div class=\"qode-workflow-text\">\n            <span class=\"circle\" style=\"border-color:#ffffff;background-color:#dd3333;\"><\/span>\n                            <h3>22 September 2017<\/h3>\n                                        <h6 class=\"qode-workflow-subtitle\">PUBLIC SHOW<\/h6>\n                                        <p class=\"text\">Vila Velha de R\u00f3d\u00e3o &gt; Herdade da Urgueira, Poetry Festival, One Day<\/p>\n                    <\/div>\n    <\/div>\n<\/div><div class=\"qode-workflow-item\">\n    <span class=\"line\" style=\"background-color:#dd3333;\"><\/span>\n    <div class=\"qode-workflow-item-inner reverse\">\n        <div class=\"qode-workflow-image center\">\n                    <\/div>\n        <div class=\"qode-workflow-text\">\n            <span class=\"circle\" style=\"border-color:#ffffff;background-color:#dd3333;\"><\/span>\n                            <h3>18 November 2017<\/h3>\n                                        <h6 class=\"qode-workflow-subtitle\">PUBLIC SHOW<\/h6>\n                                        <p class=\"text\">Lisbon &gt; Guilherme Cossoul Instruction Society<\/p>\n                    <\/div>\n    <\/div>\n<\/div><div class=\"qode-workflow-item\">\n    <span class=\"line\" style=\"background-color:#dd3333;\"><\/span>\n    <div class=\"qode-workflow-item-inner \">\n        <div class=\"qode-workflow-image center\">\n                    <\/div>\n        <div class=\"qode-workflow-text\">\n            <span class=\"circle\" style=\"border-color:#ffffff;background-color:#dd3333;\"><\/span>\n                            <h3>16 December 2017<\/h3>\n                                        <h6 class=\"qode-workflow-subtitle\">PUBLIC SHOW<\/h6>\n                                        <p class=\"text\">Vila Boim, Elvas &gt; Aboim Youth Association Space<\/p>\n                    <\/div>\n    <\/div>\n<\/div><\/div><p><\/p>","protected":false},"excerpt":{"rendered":"<p>COMMUNITY PROJECTS SYNOPSIS Where Olive Trees Grow Men Don&#8217;t Die bears witness to a story of belief that art can play an active role in society. It was this story that we found in four villages in the interior of Portugal &#8211; Barba\u00eddo, Ch\u00e3o da&#8230;<\/p>\n","protected":false},"author":1,"featured_media":17105,"menu_order":0,"comment_status":"open","ping_status":"closed","template":"","portfolio_category":[141],"portfolio_tag":[],"class_list":["post-17370","portfolio_page","type-portfolio_page","status-publish","has-post-thumbnail","hentry","portfolio_category-community-projects"],"_links":{"self":[{"href":"https:\/\/www.terceirapessoa.pt\/en\/wp-json\/wp\/v2\/portfolio_page\/17370","targetHints":{"allow":["GET"]}}],"collection":[{"href":"https:\/\/www.terceirapessoa.pt\/en\/wp-json\/wp\/v2\/portfolio_page"}],"about":[{"href":"https:\/\/www.terceirapessoa.pt\/en\/wp-json\/wp\/v2\/types\/portfolio_page"}],"author":[{"embeddable":true,"href":"https:\/\/www.terceirapessoa.pt\/en\/wp-json\/wp\/v2\/users\/1"}],"replies":[{"embeddable":true,"href":"https:\/\/www.terceirapessoa.pt\/en\/wp-json\/wp\/v2\/comments?post=17370"}],"wp:featuredmedia":[{"embeddable":true,"href":"https:\/\/www.terceirapessoa.pt\/en\/wp-json\/wp\/v2\/media\/17105"}],"wp:attachment":[{"href":"https:\/\/www.terceirapessoa.pt\/en\/wp-json\/wp\/v2\/media?parent=17370"}],"wp:term":[{"taxonomy":"portfolio_category","embeddable":true,"href":"https:\/\/www.terceirapessoa.pt\/en\/wp-json\/wp\/v2\/portfolio_category?post=17370"},{"taxonomy":"portfolio_tag","embeddable":true,"href":"https:\/\/www.terceirapessoa.pt\/en\/wp-json\/wp\/v2\/portfolio_tag?post=17370"}],"curies":[{"name":"wp","href":"https:\/\/api.w.org\/{rel}","templated":true}]}}