{"id":17307,"date":"2024-02-19T09:15:09","date_gmt":"2024-02-19T09:15:09","guid":{"rendered":"https:\/\/beta.terceirapessoa.pt\/about\/"},"modified":"2024-11-01T23:38:47","modified_gmt":"2024-11-01T23:38:47","slug":"sobre","status":"publish","type":"page","link":"https:\/\/www.terceirapessoa.pt\/en\/sobre\/","title":{"rendered":"About"},"content":{"rendered":"<div class=\"wpb-content-wrapper\"><p>[vc_row css_animation=&#8221;&#8221; row_type=&#8221;row&#8221; use_row_as_full_screen_section=&#8221;no&#8221; type=&#8221;full_width&#8221; angled_section=&#8221;no&#8221; text_align=&#8221;left&#8221; background_image_as_pattern=&#8221;without_pattern&#8221;][vc_column]<blockquote class=' with_quote_icon' style=''><i class='fa fa-quote-right' style=''><\/i><h5 class='blockquote-text' style='color: #ffffff;'>THERE IS NO END IN US<\/h5><\/blockquote>[vc_separator type=&#8221;normal&#8221; color=&#8221;#ffffff&#8221; thickness=&#8221;1&#8243;][vc_column_text css=&#8221;.vc_custom_1714509811637{margin-bottom: 40px !important;}&#8221;]<\/p>\n<h2 class=\"terceira-pessoa-section-title\">THIRD PERSON<\/h2>\n<p>[\/vc_column_text][vc_column_text css=&#8221;.vc_custom_1714509847394{margin-bottom: 40px !important;}&#8221;]<\/p>\n<h3><span style=\"font-weight: 400;\">Terceira Pessoa is an artistic creation structure founded in 2012 by Ana Gil and Nuno Le\u00e3o<\/span><\/h3>\n<p>[\/vc_column_text][vc_column_text]<span style=\"font-weight: 400;\">His work is based on three axes of action: Creation, Mediation and Programming, always starting from approaches that cross several artistic expressions, which usually results in performative objects with a hybrid identity.<\/span><\/p>\n<p><span style=\"font-weight: 400;\">It is in the performing arts &#8211; theater, dance, performance &#8211; that Terceira Pessoa develops most of its work, having also developed projects in the visual arts, literature and digital art.<\/span>[\/vc_column_text][\/vc_column][\/vc_row][vc_row css_animation=&#8221;&#8221; row_type=&#8221;row&#8221; use_row_as_full_screen_section=&#8221;no&#8221; type=&#8221;grid&#8221; angled_section=&#8221;no&#8221; text_align=&#8221;left&#8221; background_image_as_pattern=&#8221;without_pattern&#8221; css=&#8221;.vc_custom_1708376251177{margin-top: 80px !important;margin-bottom: 64px !important;}&#8221; z_index=&#8221;&#8221;][vc_column][vc_row_inner row_type=&#8221;row&#8221; type=&#8221;grid&#8221; text_align=&#8221;left&#8221; css_animation=&#8221;&#8221; css=&#8221;.vc_custom_1708376879917{margin-bottom: 40px !important;}&#8221;][vc_column_inner][vc_separator type=&#8221;normal&#8221; color=&#8221;#ffffff&#8221; thickness=&#8221;1&#8243;][vc_column_text]<\/p>\n<h2 class=\"terceira-pessoa-section-title\">MISSION<\/h2>\n<p>[\/vc_column_text][\/vc_column_inner][\/vc_row_inner][vc_row_inner row_type=&#8221;row&#8221; type=&#8221;full_width&#8221; text_align=&#8221;left&#8221; css_animation=&#8221;&#8221;][vc_column_inner width=&#8221;2\/3&#8243;][vc_column_text]<\/p>\n<h3><span class=\"textsize20 textsize16 textsize18\">IN ITS PROJECTS, THE THIRD PERSON FAVORS A MULTIDISCIPLINARY APPROACH, INTEGRATING PROFESSIONALS FROM DIFFERENT ARTISTIC LANGUAGES.<\/span><\/h3>\n<p>&nbsp;<\/p>\n<p><span class=\"textsize14 textsize16\">Reaching audiences of various age groups and from diverse socio-cultural backgrounds, Terceira Pessoa is building a project to bring the community closer to the cultural territories of its area, as well as other places in the country, and to promote an exchange between local heritage and contemporary languages.<\/span><\/p>\n<p>&nbsp;<\/p>\n<h3><span class=\"textsize18\">THUS FOCUSES ITS ACTION ON THREE MAIN AXES:<\/span><\/h3>\n<p>&#8211; production and creation of artistic objects with the signature of the structure and dissemination of its areas of action as places of artistic production and creation and community projects at national and international level; &#8211; development and bringing audiences closer to contemporary artistic languages, through regular participatory and collaborative methodologies; &#8211; organization of multidisciplinary artistic programming cycles that promote the circulation of contemporary creators and public access to proposals of an admittedly contemporary and experimental nature.[\/vc_column_text][\/vc_column_inner][vc_column_inner width=&#8221;1\/3&#8243;][\/vc_column_inner][\/vc_row_inner][\/vc_column][\/vc_row][vc_row css_animation=&#8221;&#8221; row_type=&#8221;row&#8221; use_row_as_full_screen_section=&#8221;no&#8221; type=&#8221;grid&#8221; angled_section=&#8221;no&#8221; text_align=&#8221;left&#8221; background_image_as_pattern=&#8221;without_pattern&#8221; css=&#8221;.vc_custom_1708376251177{margin-top: 80px !important;margin-bottom: 64px !important;}&#8221; z_index=&#8221;&#8221;][vc_column][vc_row_inner row_type=&#8221;row&#8221; type=&#8221;grid&#8221; text_align=&#8221;left&#8221; css_animation=&#8221;&#8221; css=&#8221;.vc_custom_1708376967330{margin-bottom: 40px !important;}&#8221;][vc_column_inner][vc_separator type=&#8221;normal&#8221; color=&#8221;#ffffff&#8221; thickness=&#8221;1&#8243;][vc_column_text]<\/p>\n<h2 class=\"terceira-pessoa-section-title\">HISTORY<\/h2>\n<p>[\/vc_column_text][\/vc_column_inner][\/vc_row_inner][vc_row_inner row_type=&#8221;row&#8221; type=&#8221;full_width&#8221; text_align=&#8221;left&#8221; css_animation=&#8221;&#8221;][vc_column_inner width=&#8221;2\/3&#8243;][vc_column_text]In 2012 they developed the <strong>KURT COBAIN<\/strong> project, which included a group of young people aged 13 to 18. In 2013, in the <strong>HEY YOU<\/strong> project, they involved a group of 70 people of all ages in the creation and interpretation of a performance-manifesto. In 2014, with the <strong>INSCRI\u00c7\u00c3O<\/strong> project, they created a three-part show based on the book &#8220;Portugal, Hoje: o medo de existir&#8221; by Jos\u00e9 Gil. That same year they premiered the creation <strong>M\u00c3OS PENSANTES OU MANUAL DE PENSAR<\/strong>. In 2015 they created the show <strong>PRIMEIRA INF\u00c2NCIA: UM FABUL\u00c1RIO<\/strong>, which was part of TNDM II&#8217;s Newborn Cycle. In the same year they developed the multidisciplinary project <strong>FILOSOFIA DA PAISAGEM<\/strong>. In 2016, they premiered <strong>THE OLD IMAGE OF BEING LOVED<\/strong> in London, and presented it at various international and national theaters and festivals. In 2017 they premiered the show <strong>HERE IS ALWAYS ANOTHER PLACE<\/strong> and in 2018 the international collaboration show <strong>KIF-KIF<\/strong> (co-production with Teatromosca and Th\u00e9atre de La T\u00eate Noire).       <\/p>\n<p>&nbsp;<\/p>\n<p>As well as creative projects, Terceira Pessoa also runs <strong>SERVI\u00c7O P\u00daBLICO<\/strong> &#8211; a series of talks about contemporary art; <strong>H\u00c1 FESTA NO CAMPO<\/strong> and <strong>ALDEIAS ART\u00cdSTICAS<\/strong>, a project to develop villages through artistic practices. More recently, they created the show <strong>SENSO COMUM &#8211; UMA VAGA LEMBRAN\u00c7A DE UM ESPET\u00c1CULO<\/strong> and <strong>FROM MY VILLAGE I SEE HOW MUCH OF THE EARTH CAN BE SEEN IN THE UNIVERSE<\/strong> (2018). In 2019 they will create the multidisciplinary artistic journey <strong>A LINE IS A POINT THAT WALKS<\/strong>.  <\/p>\n<p>&nbsp;<\/p>\n<p>They have also carried out various projects in the field of disciplinary crossings, involving more and more creators from various artistic languages and other areas of knowledge such as philosophy and science.[\/vc_column_text][\/vc_column_inner][vc_column_inner width=&#8221;1\/3&#8243;][\/vc_column_inner][\/vc_row_inner][\/vc_column][\/vc_row][vc_row css_animation=&#8221;&#8221; row_type=&#8221;row&#8221; use_row_as_full_screen_section=&#8221;no&#8221; type=&#8221;grid&#8221; angled_section=&#8221;no&#8221; text_align=&#8221;left&#8221; background_image_as_pattern=&#8221;without_pattern&#8221; css=&#8221;.vc_custom_1708376251177{margin-top: 80px !important;margin-bottom: 64px !important;}&#8221; z_index=&#8221;&#8221;][vc_column][vc_row_inner row_type=&#8221;row&#8221; type=&#8221;grid&#8221; text_align=&#8221;left&#8221; css_animation=&#8221;&#8221;][vc_column_inner][vc_separator type=&#8221;normal&#8221; color=&#8221;#ffffff&#8221; thickness=&#8221;1&#8243;][vc_column_text]<\/p>\n<h2 class=\"terceira-pessoa-section-title\">TEAM<\/h2>\n<p>[\/vc_column_text][\/vc_column_inner][\/vc_row_inner][vc_row_inner row_type=&#8221;row&#8221; type=&#8221;full_width&#8221; text_align=&#8221;left&#8221; css_animation=&#8221;&#8221;][vc_column_inner][vc_column_text]<\/p>\n<div style=\"margin: 20px 0;\">\n<h5>Artistic Direction<\/h5>\n<p>\u00d3scar Silva<\/p>\n<\/div>\n<p>[\/vc_column_text][vc_column_text]<\/p>\n<div style=\"margin: 20px 0;\">\n<h5>Coordination of educational services and participatory art<\/h5>\n<p>Ana Gil<\/p>\n<\/div>\n<p>[\/vc_column_text][vc_column_text]<\/p>\n<div style=\"margin: 20px 0;\">\n<h5>Production Management<\/h5>\n<p>Tamara Cruz<\/p>\n<\/div>\n<p>[\/vc_column_text][vc_column_text]<\/p>\n<div style=\"margin: 20px 0;\">\n<h5>Communications and Press Office<\/h5>\n<p>Rita Piteira<\/p>\n<\/div>\n<p>[\/vc_column_text][vc_column_text]<\/p>\n<div style=\"margin: 20px 0;\">\n<h5>Design<\/h5>\n<p>C\u00e1tia Santos<\/p>\n<\/div>\n<p>[\/vc_column_text][vc_column_text]<\/p>\n<div style=\"margin: 20px 0;\">\n<h5>Audiovisual recording<\/h5>\n<p>Marta Costa<\/p>\n<\/div>\n<p>[\/vc_column_text][vc_column_text]<\/p>\n<div style=\"margin: 20px 0;\">\n<h5>Associated Artists<\/h5>\n<p>Nuno Le\u00e3o, Tiago Moura, Diogo Martins and Rui Dias<\/p>\n<\/div>\n<p>[\/vc_column_text][\/vc_column_inner][\/vc_row_inner][\/vc_column][\/vc_row][vc_row css_animation=&#8221;&#8221; row_type=&#8221;row&#8221; use_row_as_full_screen_section=&#8221;no&#8221; type=&#8221;grid&#8221; angled_section=&#8221;no&#8221; text_align=&#8221;left&#8221; background_image_as_pattern=&#8221;without_pattern&#8221; css=&#8221;.vc_custom_1708376251177{margin-top: 80px !important;margin-bottom: 64px !important;}&#8221; z_index=&#8221;&#8221;][vc_column width=&#8221;1\/3&#8243;][vc_single_image image=&#8221;15694&#8243; img_size=&#8221;400&#215;400&#8243; style=&#8221;vc_box_rounded&#8221; qode_css_animation=&#8221;&#8221; css=&#8221;.vc_custom_1727986888555{margin-bottom: 20px !important;}&#8221;][vc_column_text]<\/p>\n<h2>\u00d3scar Silva<\/h2>\n<p>[\/vc_column_text][vc_column_text]<\/p>\n<h5>Artistic direction<\/h5>\n<p>[\/vc_column_text][vc_column_text css=&#8221;.vc_custom_1727986793828{margin-top: 20px !important;}&#8221;]In 2010 she graduated in Theater (Acting) from ESTC. In 2012\/2013 she attended the Postgraduate Performance program at ECA-USP. In 2016 she completed a Master&#8217;s degree in Performance and Practice at the University of the Arts London &#8211; Central Saint Martins, with a scholarship from the GDA Foundation. Between 2010 and 2014 she lived and worked in S\u00e3o Paulo where she was assistant director at SP Escola de Teatro and was responsible for various pedagogical and artistic projects. She attended the \u00c9cole des Ma\u00eetres 2017. He works mainly in the broad field of theater and performance as a creator, director, actor, having collaborated with numerous artists and structures from different disciplines and different countries. He is the founder of Mr. Jo\u00e3o, with whom he works regularly and is currently the artistic director of Terceira Pessoa.[\/vc_column_text][vc_separator type=&#8221;normal&#8221; up=&#8221;40&#8243; down=&#8221;40&#8243;][vc_single_image image=&#8221;15699&#8243; img_size=&#8221;400&#215;400&#8243; style=&#8221;vc_box_rounded&#8221; qode_css_animation=&#8221;&#8221; css=&#8221;.vc_custom_1727987964710{margin-bottom: 20px !important;}&#8221;][vc_column_text]<\/p>\n<h2>Ana Gil<\/h2>\n<p>[\/vc_column_text][vc_column_text]<\/p>\n<h5>Coordination of educational services and participatory art<\/h5>\n<p>[\/vc_column_text][vc_column_text css=&#8221;.vc_custom_1727987840911{margin-top: 20px !important;}&#8221;]In 2012 she founded the Terceira Pessoa association with Nuno Le\u00e3o, where she will be artistic director until 2023 and where she has carried out creative projects in theater and cross-disciplinary projects, educational services, audience development and programming. Throughout her career, she has collaborated with the Educational Service of the CTA in Castelo Branco and developed artistic expression workshops for various theaters, schools, museums and libraries. She coordinates and directs artistic and educational intervention projects in various communities: H\u00e1 Festa no Campo (PARTIS &#8211; Calouste Gulbenkian Foundation &amp; La Caixa Foundation); Manifesta-te (Gulbenkian Academies of Knowledge); Esp\u00edritos Livres no Estabelecimento Prisional da Guarda (DgArtes); R\u00e1dioATIVIDADE no Estabelecimento Prisional da Guarda (PARTIS &#8211; Calouste Gulbenkian Foundation &amp; La Caixa Foundation). In 2021 she will be a guest lecturer at the Castelo Branco School of Education.[\/vc_column_text][vc_separator type=&#8221;normal&#8221; up=&#8221;40&#8243; down=&#8221;40&#8243;][\/vc_column][vc_column width=&#8221;1\/3&#8243;][vc_single_image image=&#8221;15696&#8243; img_size=&#8221;400&#215;400&#8243; style=&#8221;vc_box_rounded&#8221; qode_css_animation=&#8221;&#8221; css=&#8221;.vc_custom_1727986927757{margin-bottom: 20px !important;}&#8221;][vc_column_text]<\/p>\n<h2 class=\"image_with_text_title\">Tamara Cruz<\/h2>\n<p>[\/vc_column_text][vc_column_text]<\/p>\n<h5>Executive production direction<\/h5>\n<p>[\/vc_column_text][vc_column_text css=&#8221;.vc_custom_1727987407762{margin-top: 20px !important;}&#8221;]Amparo &#8211; S\u00e3o Paulo, Brazil. She has a degree in Public Management from SENAC &#8211; S\u00e3o Paulo and an MBA in Project Management from FGV &#8211; S\u00e3o Paulo. In 2017\/2018, she was Public Policy Manager and Advisor to the Secretary of Culture at the S\u00e3o Paulo Municipal Secretary of Culture. She participated in the Secretariat&#8217;s projects and programs, coordinated the process of parliamentary amendments and articulated the Secretariat&#8217;s affairs with public and private structures. Between 2021 and 2023, she worked as Executive Producer, Administrative and Financial Manager of the projects of Vlaanderen Produ\u00e7\u00f5es Culturais &#8211; opera producer, director of the Amazonas Opera Festival and member of Opera Latinoam\u00e9rica &#8211; Opera &#8220;The Telephone&#8221;, &#8220;A Gift for Christmas&#8221;, 23rd and 24th Amazonas Opera Festival and Opera Gianni Schicchi. In 2020, she produced the HomeArt project &#8211; part of SESC&#8217;s annual network action, entitled &#8220;Modos de Acessar Week&#8221;. Between 2020 and 2023, she collaborated as Executive Producer at the Vozes Diversas Museum &#8211; a virtual space for the exhibition and enjoyment of non-normative, collaboratively constructed art, occupied by artists, thinkers and educators who are silenced and considered to be &#8220;outside the norm&#8221;. Between 2021\/2022, she was a Culture Councillor for the Municipality of Amparo. Since October 2023, she has been part of the team at Terceira Pessoa &#8211; Associa\u00e7\u00e3o, in Castelo Branco, Portugal, as Executive Producer.[\/vc_column_text][vc_separator type=&#8221;normal&#8221; up=&#8221;40&#8243; down=&#8221;40&#8243;][vc_single_image image=&#8221;15697&#8243; img_size=&#8221;400&#215;400&#8243; style=&#8221;vc_box_rounded&#8221; qode_css_animation=&#8221;&#8221; css=&#8221;.vc_custom_1727988548407{margin-bottom: 20px !important;}&#8221;][vc_column_text]<\/p>\n<h2 class=\"image_with_text_title\">Rita Piteira<\/h2>\n<p>[\/vc_column_text][vc_column_text]<\/p>\n<h5>Communications department and press office<\/h5>\n<p>[\/vc_column_text][vc_column_text css=&#8221;.vc_custom_1730388991833{margin-top: 20px !important;}&#8221;]<\/p>\n<div class=\"image_with_text\">\n<p>Rita Piteira has a degree in History with a specialization in Animation and Management of Cultural Facilities (ISCTE &#8211; IUL); a degree in Management and Production of the Performing Arts (F\u00f3rum Dan\u00e7a). Over the last twenty years, she has worked in curatorship, management, programming, production, communication and cultural mediation and has collaborated with various national and international artistic and cultural organizations on inclusive artistic and cultural projects, performing arts, art and community, participatory art, tourism and cultural heritage. Since 2015, she has been co-director of Capote M\u00fasica, where she is responsible for initiatives such as Capote Fest, \u00c0 Sombra, Music\u00e1logos, among other productions, as well as the agency of Portuguese musical projects. She coordinated the artistic and community mediation project Portadores de Arte (\u00c9vora 2021) and is responsible for consulting, coordinating and managing national and European cultural projects, covering programs such as Creative Europe, Erasmus+, Gulbenkian, PARTIS and Dgartes. She currently works with the cultural association Terceira Pessoa, in Castelo Branco, in the areas of communication and press relations.    <\/p>\n<\/div>\n<p>[\/vc_column_text][vc_separator type=&#8221;normal&#8221; up=&#8221;40&#8243; down=&#8221;40&#8243;][\/vc_column][vc_column width=&#8221;1\/3&#8243;][vc_single_image image=&#8221;15700&#8243; img_size=&#8221;400&#215;400&#8243; style=&#8221;vc_box_rounded&#8221; qode_css_animation=&#8221;&#8221; css=&#8221;.vc_custom_1727986947082{margin-bottom: 20px !important;}&#8221;][vc_column_text]<\/p>\n<h2>C\u00e1tia Santos<\/h2>\n<p>[\/vc_column_text][vc_column_text]<\/p>\n<h5>Graphic design<\/h5>\n<p>[\/vc_column_text][vc_column_text css=&#8221;.vc_custom_1727987670079{margin-top: 20px !important;}&#8221;]<\/p>\n<div class=\"image_with_text\">\n<p>Immersed in the world of Design and Audiovisual, she graduated in Communication Design and Audiovisual Production from ESART (2012) and since then has worked in various roles linked to Directing, Post-Production and Creativity in production companies. Over the last 10 years she has crossed different techniques and <i>mediums<\/i>, exploring the organic and the technological, creating an aesthetic language that is broken down into multiple layers. She explores abstract universes in her work, continually challenging the distinction between the real and the imaginary. In 2019, she started a new project as Co-Founder of the Creative Video Agency FLESH512, with the aim of working in the field of digital advertising. Since 2014, she has collaborated regularly with TERCEIRA PESSOA, being responsible for the communication design and video editing of various projects, including &#8220;H\u00e1 Festa no Campo \/ Aldeias Art\u00edsticas&#8221;, &#8220;Inscri\u00e7\u00e3o&#8221;, &#8220;Singular&#8221;, &#8220;Esp\u00edritos Livres&#8221; and &#8220;In Loco&#8221;.    <\/p>\n<\/div>\n<p>[\/vc_column_text][vc_separator type=&#8221;normal&#8221; up=&#8221;40&#8243; down=&#8221;40&#8243;][vc_single_image image=&#8221;15758&#8243; img_size=&#8221;400&#215;400&#8243; style=&#8221;vc_box_rounded&#8221; qode_css_animation=&#8221;&#8221; css=&#8221;.vc_custom_1727988734733{margin-bottom: 20px !important;}&#8221;][vc_column_text]<\/p>\n<h2 class=\"image_with_text_title\">Marta Costa<\/h2>\n<p>[\/vc_column_text][vc_column_text]<\/p>\n<h5>Audiovisual recording<\/h5>\n<p>[\/vc_column_text][vc_column_text css=&#8221;.vc_custom_1730244070119{margin-top: 20px !important;}&#8221;]<\/p>\n<div class=\"image_with_text\">\n<p><span style=\"font-weight: 400;\">Born in Porto, she studied Audiovisual with an emphasis on image, from illustration to photography. She attended the Soares dos Reis Art School, where she did an internship with the OFM &#8211; Orquestra de Fam\u00edlias de Matosinhos. In higher education, she took part in the Erasmus+ program, where she completed a semester in Sofia, Bulgaria. She has recorded various events such as the 2023 &#8220;Festa do Sol&#8221; on Terceira Island, Azores and has taken part in workshops such as the Lighting Workshop taught by Andreia Santos at DeM Week&#8217;23. She is also interested in a wide range of areas other than in-depth studies, taking part in the Representation Techniques for Television and Advertising Workshop with Rui Santos in Aveiro in July 2023 and volunteering for the APN &#8211; Portuguese Neuromuscular Association, also in 2023. She is currently working with Terceira Pessoa, developing audiovisual recordings of the association&#8217;s various projects.     <\/span><\/p>\n<\/div>\n<p>[\/vc_column_text][vc_separator type=&#8221;normal&#8221; up=&#8221;40&#8243; down=&#8221;40&#8243;][\/vc_column][\/vc_row][vc_row css_animation=&#8221;&#8221; row_type=&#8221;row&#8221; use_row_as_full_screen_section=&#8221;no&#8221; type=&#8221;grid&#8221; angled_section=&#8221;no&#8221; text_align=&#8221;left&#8221; background_image_as_pattern=&#8221;without_pattern&#8221; css=&#8221;.vc_custom_1708376251177{margin-top: 80px !important;margin-bottom: 64px !important;}&#8221; z_index=&#8221;&#8221;][vc_column][vc_row_inner row_type=&#8221;row&#8221; type=&#8221;grid&#8221; text_align=&#8221;left&#8221; css_animation=&#8221;&#8221;][vc_column_inner][vc_separator type=&#8221;normal&#8221; color=&#8221;#ffffff&#8221; thickness=&#8221;1&#8243;][vc_column_text]<\/p>\n<h2 class=\"terceira-pessoa-section-title\">ASSOCIATED ARTISTS<\/h2>\n<p>[\/vc_column_text][\/vc_column_inner][\/vc_row_inner][\/vc_column][\/vc_row][vc_row css_animation=&#8221;&#8221; row_type=&#8221;row&#8221; use_row_as_full_screen_section=&#8221;no&#8221; type=&#8221;grid&#8221; angled_section=&#8221;no&#8221; text_align=&#8221;left&#8221; background_image_as_pattern=&#8221;without_pattern&#8221; css=&#8221;.vc_custom_1708376251177{margin-top: 80px !important;margin-bottom: 64px !important;}&#8221; z_index=&#8221;&#8221;][vc_column width=&#8221;1\/3&#8243;][vc_single_image image=&#8221;15698&#8243; img_size=&#8221;400&#215;400&#8243; style=&#8221;vc_box_rounded&#8221; qode_css_animation=&#8221;&#8221; css=&#8221;.vc_custom_1727988919483{margin-bottom: 20px !important;}&#8221;][vc_column_text]<\/p>\n<h2 class=\"image_with_text_title\">Diogo Martins<\/h2>\n<p>[\/vc_column_text][vc_column_text]<\/p>\n<h5>Research and artistic investigation<\/h5>\n<p>[\/vc_column_text][vc_column_text css=&#8221;.vc_custom_1727988955410{margin-top: 20px !important;}&#8221;]Diogo Martins (b. 1986) has a degree in Portuguese Studies, in the teaching branch. As an FCT Fellow, he obtained his PhD in Literary Theory, with a thesis entitled &#8216;<i>The greener grass<\/i>: self-representation in Alanis Morissette&#8217;. Between 2017 and 2023, he developed the post-doctoral project &#8216;Daring to corrupt: (o)retratistic case in Rui Nunes&#8217;, also funded by FCT. With Terceira Pessoa, he developed reading workshops as part of the show &#8216;Inscri\u00e7\u00e3o&#8217; (2014) and has been running several editions of the &#8216;Servi\u00e7o P\u00fablico&#8217; project since 2021. He is the co-author of the essay and photography books &#8216;Inside\/Ouside&#8217;, &#8216;Dizer adeus \u00e0s coisas&#8217; (with Nuno Le\u00e3o) and &#8216;Na imprecisa vis\u00e3o do vento&#8217; (with Susana Paiva). In 2020, he joined the transdisciplinary collective &#8216;Rastro, Margem, Clar\u00e3o&#8217;, a project by Terceira Pessoa dedicated to the writing of Rui Nunes. She has written articles and essays in scattered publications on poetry, literature and the performing arts. He is a contributor to <i>Vila Nova Online<\/i> magazine.[\/vc_column_text][vc_separator type=&#8221;normal&#8221; up=&#8221;40&#8243; down=&#8221;40&#8243;][vc_single_image image=&#8221;15739&#8243; img_size=&#8221;400&#215;400&#8243; style=&#8221;vc_box_rounded&#8221; qode_css_animation=&#8221;&#8221; css=&#8221;.vc_custom_1727989042465{margin-bottom: 20px !important;}&#8221;][vc_column_text]<\/p>\n<h2 class=\"image_with_text_title\">Tiago Moura<\/h2>\n<p>[\/vc_column_text][vc_column_text]<\/p>\n<h5>Content production and audiovisual documentary<\/h5>\n<p>[\/vc_column_text][vc_column_text css=&#8221;.vc_custom_1727989101062{margin-top: 20px !important;}&#8221;]<\/p>\n<div class=\"image_with_text\">\n<p>He is dedicated to film and photography. In 2009, he began his studies at ESART (Castelo Branco Higher School of Applied Arts) with a degree in Communication Design and Audiovisual Production, and finished in 2013. With Terceira Pessoa he was responsible for the video and photography of various creations such as &#8220;Kurt Cobain&#8221;, &#8220;Hey You&#8221;, &#8220;Inscri\u00e7\u00e3o&#8221;, &#8220;Senso Comum &#8211; uma vaga lembran\u00e7a de um espet\u00e1culo&#8221;, among others. She made the documentary &#8220;Where olive trees grow, men don&#8217;t die&#8221;, about the H\u00e1 Festa no Campo\/Aldeias Art\u00edsticas project. She created &#8220;Para que servem poetas em tempos de indig\u00eancia?&#8221;, a video-poem based on &#8220;A Terceira Mis\u00e9ria&#8221; by H\u00e9lia Correia; and co-created the multidisciplinary walk and installation &#8220;Uma linha \u00e9 um ponto que passeia&#8221;. She also made a documentary short film in partnership with the Warehouse Collective, with support from the Calouste Gulbenkian Foundation. She is currently developing video and photography for Terceira Pessoa&#8217;s &#8220;Manifesta-te&#8221; and &#8220;Rastro, Margem, Clar\u00e3o&#8221; projects.      <\/p>\n<\/div>\n<p>[\/vc_column_text][vc_separator type=&#8221;normal&#8221; up=&#8221;40&#8243; down=&#8221;40&#8243;][\/vc_column][vc_column width=&#8221;1\/3&#8243;][vc_single_image image=&#8221;15695&#8243; img_size=&#8221;400&#215;400&#8243; style=&#8221;vc_box_rounded&#8221; qode_css_animation=&#8221;&#8221; css=&#8221;.vc_custom_1727988992750{margin-bottom: 20px !important;}&#8221;][vc_column_text]<\/p>\n<h2 class=\"image_with_text_title\">Nuno Le\u00e3o<\/h2>\n<p>[\/vc_column_text][vc_column_text]<\/p>\n<h5>Artistic consultancy<\/h5>\n<p>[\/vc_column_text][vc_column_text css=&#8221;.vc_custom_1727989031411{margin-top: 20px !important;}&#8221;]He has a degree in Theater from the Lisbon School of Theater and Cinema. He has been developing his artistic work since 2004, having developed various projects that cross the fields of creation, training, mediation, research and programming. She has collaborated with various theaters and artistic structures such as Artistas Unidos, Teatro Praga, Kobalt Works, Teatro Nacional S\u00e3o Carlos, Teatro Nacional D. Maria II, Cooperativa Comunica\u00e7\u00e3o e Cultura, Ajidanha, C\u00e3es \u00e0 Solta, Com\u00e9dias do Minho, among others. In 2012 he founded Terceira Pessoa &#8211; Associa\u00e7\u00e3o with Ana Gil. There he took on the role of artistic director, having developed various artistic creation projects in theater, performance and visual arts, artistic training and mediation projects, research, publishing and programming in the most varied contexts and geographies. Since 2019, he has been an Adjunct Guest Professor at the Lisbon Polytechnic Institute&#8217;s School of Theater and Cinema, where he teaches Acting.[\/vc_column_text][vc_separator type=&#8221;normal&#8221; up=&#8221;40&#8243; down=&#8221;40&#8243;][\/vc_column][vc_column width=&#8221;1\/3&#8243;][vc_single_image image=&#8221;15743&#8243; img_size=&#8221;400&#215;400&#8243; style=&#8221;vc_box_rounded&#8221; qode_css_animation=&#8221;&#8221; css=&#8221;.vc_custom_1727989124409{margin-bottom: 20px !important;}&#8221;][vc_column_text]<\/p>\n<h2 class=\"image_with_text_title\">Rui Dias<\/h2>\n<p>[\/vc_column_text][vc_column_text]<\/p>\n<h5>Audiovisual research and investigation<\/h5>\n<p>[\/vc_column_text][vc_column_text css=&#8221;.vc_custom_1727989184722{margin-top: 20px !important;}&#8221;]He regularly presents artistic work as a composer, performer and programmer, focusing on electroacoustic music, improvisation and the creation of interactive musical and multimedia systems. Among the events and concerts he has participated in are the M\u00fasica Viva Festival (Lisbon), the &#8220;Synth\u00e8se&#8221; Festival (Bourges, France), Electroacoustic Music Days, Unicer Laborat\u00f3rio Criativo, Tom de V\u00eddeo Festival (Tondela), Future Places Festival (Porto), Guimar\u00e3es 2012 European Capital of Culture, Manobras in Porto, Suoni Inauditi (Livorno, Italy), Sonoscopia (Porto), Janeiro dos Grandes Espet\u00e1culos (Recife, Brazil), Serralves em Festa (Porto), Noite Branca (Braga), CARA Ano Zero (Matosinhos); Semibreve Festival (Braga), Phonambient Braga (GNRation), Som Riscado (Loul\u00e9).<br \/>\n[\/vc_column_text][vc_separator type=&#8221;normal&#8221; up=&#8221;40&#8243; down=&#8221;40&#8243;][\/vc_column][\/vc_row][vc_row css_animation=&#8221;&#8221; row_type=&#8221;row&#8221; use_row_as_full_screen_section=&#8221;no&#8221; type=&#8221;grid&#8221; angled_section=&#8221;no&#8221; text_align=&#8221;left&#8221; background_image_as_pattern=&#8221;without_pattern&#8221; css=&#8221;.vc_custom_1715634098494{margin-top: 80px !important;margin-bottom: 64px !important;}&#8221; z_index=&#8221;&#8221; el_class=&#8221;tp-omitir&#8221;][vc_column][vc_row_inner row_type=&#8221;row&#8221; type=&#8221;grid&#8221; text_align=&#8221;left&#8221; css_animation=&#8221;&#8221; css=&#8221;.vc_custom_1708377535181{margin-bottom: 40px !important;}&#8221;][vc_column_inner][vc_separator type=&#8221;normal&#8221; color=&#8221;#ffffff&#8221; thickness=&#8221;1&#8243;][vc_column_text]<\/p>\n<h2 class=\"terceira-pessoa-section-title\">PARTNERS<\/h2>\n<p>[\/vc_column_text][\/vc_column_inner][\/vc_row_inner][vc_row_inner row_type=&#8221;row&#8221; type=&#8221;full_width&#8221; text_align=&#8221;left&#8221; css_animation=&#8221;&#8221;][vc_column_inner width=&#8221;1\/3&#8243;][vc_column_text]<\/p>\n<div style=\"margin: 20px 0;\">\n<h5>VIBRA CULTURE<\/h5>\n<p><a style=\"color: #fff;\" href=\"http:\/\/hwww.culturavibra.com\/\" target=\"_blank\" rel=\"noopener noreferrer\"><br \/>\nwww.culturavibra.com<\/a><\/p>\n<\/div>\n<p>[\/vc_column_text][vc_separator type=&#8221;normal&#8221; color=&#8221;#ffffff&#8221; thickness=&#8221;1&#8243; up=&#8221;10px&#8221; down=&#8221;10px&#8221;][vc_column_text]<\/p>\n<div style=\"margin: 40px 0;\">\n<h5>RUA DAS GAIVOTAS 6 \/ TEATRO PRAGA<\/h5>\n<p><a style=\"color: #fff;\" href=\"https:\/\/ruadasgaivotas6.pt\/\" target=\"_blank\" rel=\"noopener noreferrer\"><br \/>\nhttps:\/\/ruadasgaivotas6.pt\/<\/a> || <a style=\"color: #fff;\" href=\"https:\/\/www.teatropraga.com\" target=\"_blank\" rel=\"noopener noreferrer\"><br \/>\nhttps:\/\/www.teatropraga.com<\/a><\/p>\n<\/div>\n<p>[\/vc_column_text][vc_separator type=&#8221;normal&#8221; color=&#8221;#ffffff&#8221; thickness=&#8221;1&#8243; up=&#8221;10px&#8221; down=&#8221;10px&#8221;][vc_column_text]<\/p>\n<div style=\"margin: 40px 0;\">\n<h5>APPLETON<\/h5>\n<p><a style=\"color: #fff;\" href=\"https:\/\/www.appleton.pt\/\" target=\"_blank\" rel=\"noopener noreferrer\"><br \/>\nhttps:\/\/www.appleton.pt\/<\/a><\/p>\n<\/div>\n<p>[\/vc_column_text][vc_separator type=&#8221;normal&#8221; color=&#8221;#ffffff&#8221; thickness=&#8221;1&#8243; up=&#8221;10px&#8221; down=&#8221;10px&#8221;][vc_column_text]<\/p>\n<div style=\"margin: 40px 0;\">\n<h5>THE SPACE OF TIME<\/h5>\n<p><a style=\"color: #fff;\" href=\"https:\/\/oespacodotempo.pt\/\" target=\"_blank\" rel=\"noopener noreferrer\"><br \/>\nhttps:\/\/oespacodotempo.pt\/<\/a><\/p>\n<\/div>\n<p>[\/vc_column_text][vc_separator type=&#8221;normal&#8221; color=&#8221;#ffffff&#8221; thickness=&#8221;1&#8243; up=&#8221;10px&#8221; down=&#8221;10px&#8221;][vc_column_text]<\/p>\n<div style=\"margin: 40px 0;\">\n<h5>AJIDANHA<\/h5>\n<p><a style=\"color: #fff;\" href=\"https:\/\/ajidanha.com\" target=\"_blank\" rel=\"noopener noreferrer\"><br \/>\nhttps:\/\/ajidanha.com<\/a><\/p>\n<\/div>\n<p>[\/vc_column_text][vc_separator type=&#8221;normal&#8221; color=&#8221;#ffffff&#8221; thickness=&#8221;1&#8243; up=&#8221;10px&#8221; down=&#8221;10px&#8221;][\/vc_column_inner][vc_column_inner width=&#8221;1\/3&#8243;][vc_column_text]<\/p>\n<div style=\"margin: 40px 0;\">\n<h5>VILA VELHA DE ROD\u00c3O MUNICIPAL LIBRARY<\/h5>\n<p><a style=\"color: #fff;\" href=\"https:\/\/cm-vvrodao.pt\/\" target=\"_blank\" rel=\"noopener noreferrer\"><br \/>\nhttps:\/\/cm-vvrodao.pt\/<\/a><\/p>\n<\/div>\n<p>[\/vc_column_text][vc_separator type=&#8221;normal&#8221; color=&#8221;#ffffff&#8221; thickness=&#8221;1&#8243; up=&#8221;10px&#8221; down=&#8221;10px&#8221;][vc_column_text]<\/p>\n<div style=\"margin: 40px 0;\">\n<h5>BLUE SOUL<\/h5>\n<p><a style=\"color: #fff;\" href=\"#\" target=\"_blank\" rel=\"noopener noreferrer\"><br \/>\non the web<\/a><\/p>\n<\/div>\n<p>[\/vc_column_text][vc_separator type=&#8221;normal&#8221; color=&#8221;#ffffff&#8221; thickness=&#8221;1&#8243; up=&#8221;10px&#8221; down=&#8221;10px&#8221;][vc_column_text]<\/p>\n<div style=\"margin: 20px 0;\">\n<h5>SP &#8211; THEATER SCHOOL<\/h5>\n<p><a style=\"color: #fff;\" href=\"https:\/\/www.spescoladeteatro.org.br\" target=\"_blank\" rel=\"noopener noreferrer\"><br \/>\nhttps:\/\/www.spescoladeteatro.org.br<\/a><\/p>\n<\/div>\n<p>[\/vc_column_text][vc_separator type=&#8221;normal&#8221; color=&#8221;#ffffff&#8221; thickness=&#8221;1&#8243; up=&#8221;10px&#8221; down=&#8221;10px&#8221;][vc_column_text]<\/p>\n<div style=\"margin: 40px 0;\">\n<h5>ECOGERMINATE<\/h5>\n<p><a style=\"color: #fff;\" href=\"https:\/\/www.ecogerminar.org\" target=\"_blank\" rel=\"noopener noreferrer\"><br \/>\nhttps:\/\/www.ecogerminar.org<\/a><\/p>\n<\/div>\n<p>[\/vc_column_text][vc_separator type=&#8221;normal&#8221; color=&#8221;#ffffff&#8221; thickness=&#8221;1&#8243; up=&#8221;10px&#8221; down=&#8221;10px&#8221;][vc_column_text]<\/p>\n<div style=\"margin: 40px 0;\">\n<h5>ST ARTE<\/h5>\n<p><a style=\"color: #fff;\" href=\"https:\/\/starte.pt\" target=\"_blank\" rel=\"noopener noreferrer\">https:\/\/starte.pt<\/a><\/p>\n<\/div>\n<p>[\/vc_column_text][vc_separator type=&#8221;normal&#8221; color=&#8221;#ffffff&#8221; thickness=&#8221;1&#8243; up=&#8221;10px&#8221; down=&#8221;10px&#8221; el_class=&#8221;terceira-pessoa-parceiros-separador-final&#8221;][\/vc_column_inner][vc_column_inner width=&#8221;1\/3&#8243;][vc_column_text]<\/p>\n<div style=\"margin: 40px 0;\">\n<h5>CASTELO BRANCO COLLEGE OF APPLIED ARTS \/ IPCB<\/h5>\n<p><a style=\"color: #fff;\" href=\"https:\/\/ipcb.pt\/ESART\/\" target=\"_blank\" rel=\"noopener noreferrer\"><br \/>\nhttps:\/\/ipcb.pt\/ESART\/<\/a><\/p>\n<\/div>\n<p>[\/vc_column_text][vc_separator type=&#8221;normal&#8221; color=&#8221;#ffffff&#8221; thickness=&#8221;1&#8243; up=&#8221;10px&#8221; down=&#8221;10px&#8221;][vc_column_text]<\/p>\n<div style=\"margin: 40px 0;\">\n<h5>CASTELO BRANCO SCHOOL OF EDUCATION \/ IPCB<\/h5>\n<p><a style=\"color: #fff;\" href=\"https:\/\/www.ipcb.pt\/ESE\/\" target=\"_blank\" rel=\"noopener noreferrer\"><br \/>\nhttps:\/\/www.ipcb.pt\/ESE\/<\/a><\/p>\n<\/div>\n<p>[\/vc_column_text][vc_separator type=&#8221;normal&#8221; color=&#8221;#ffffff&#8221; thickness=&#8221;1&#8243; up=&#8221;10px&#8221; down=&#8221;10px&#8221;][vc_column_text]<\/p>\n<div style=\"margin: 40px 0;\">\n<h5>CASTELO BRANCO REGIONAL CONSERVATORY<\/h5>\n<p><a style=\"color: #fff;\" href=\"https:\/\/conservatoriocb.pt\/\" target=\"_blank\" rel=\"noopener noreferrer\"><br \/>\nhttps:\/\/conservatoriocb.pt\/<\/a><\/p>\n<\/div>\n<p>[\/vc_column_text][vc_separator type=&#8221;normal&#8221; color=&#8221;#ffffff&#8221; thickness=&#8221;1&#8243; up=&#8221;10px&#8221; down=&#8221;10px&#8221;][vc_column_text]<\/p>\n<div style=\"margin: 40px 0;\">\n<h5>HERITAGE, EDUCATION AND CULTURE RESEARCH CENTER<\/h5>\n<p><a style=\"color: #fff;\" href=\"#\" target=\"_blank\" rel=\"noopener noreferrer\"><br \/>\non the web<\/a><\/p>\n<\/div>\n<p>[\/vc_column_text][vc_separator type=&#8221;normal&#8221; color=&#8221;#ffffff&#8221; thickness=&#8221;1&#8243; up=&#8221;10px&#8221; down=&#8221;10px&#8221;][\/vc_column_inner][\/vc_row_inner][\/vc_column][\/vc_row][vc_row css_animation=&#8221;&#8221; row_type=&#8221;row&#8221; use_row_as_full_screen_section=&#8221;no&#8221; type=&#8221;grid&#8221; angled_section=&#8221;no&#8221; text_align=&#8221;left&#8221; background_image_as_pattern=&#8221;without_pattern&#8221; css=&#8221;.vc_custom_1708376251177{margin-top: 80px !important;margin-bottom: 64px !important;}&#8221; z_index=&#8221;&#8221;][vc_column][vc_row_inner row_type=&#8221;row&#8221; type=&#8221;grid&#8221; text_align=&#8221;left&#8221; css_animation=&#8221;&#8221; css=&#8221;.vc_custom_1708377535181{margin-bottom: 40px !important;}&#8221;][vc_column_inner][vc_separator type=&#8221;normal&#8221; color=&#8221;#ffffff&#8221; thickness=&#8221;1&#8243;][vc_column_text]<\/p>\n<h2 class=\"terceira-pessoa-section-title\">FINANCING<\/h2>\n<p>[\/vc_column_text][\/vc_column_inner][\/vc_row_inner][vc_row_inner row_type=&#8221;row&#8221; type=&#8221;full_width&#8221; text_align=&#8221;left&#8221; css_animation=&#8221;&#8221;][vc_column_inner width=&#8221;1\/3&#8243;][vc_column_text]<\/p>\n<h5><a href=\"https:\/\/dgartes.gpv.pt\" target=\"_blank\" rel=\"noopener\">DIRECTORATE-GENERAL FOR THE ARTS \/ PORTUGUESE REPUBLIC &#8211; CULTURE<br \/>\n<\/a><\/h5>\n<p>[\/vc_column_text][\/vc_column_inner][vc_column_inner width=&#8221;1\/3&#8243;][vc_column_text]<\/p>\n<h5><a href=\"https:\/\/www.cm-castelobranco.pt\/\" target=\"_blank\" rel=\"noopener\">CASTELO BRANCO CITY COUNCIL<\/a><\/h5>\n<p>[\/vc_column_text][\/vc_column_inner][vc_column_inner width=&#8221;1\/3&#8243;][vc_column_text]<\/p>\n<h5><a href=\"https:\/\/gulbenkian.pt\/\" target=\"_blank\" rel=\"noopener\">CALOUSTE GULBENKIAN FOUNDATION<\/a><\/h5>\n<p>[\/vc_column_text][\/vc_column_inner][\/vc_row_inner][\/vc_column][\/vc_row]<\/p>\n<\/div>","protected":false},"excerpt":{"rendered":"<p>[vc_row css_animation=&#8221;&#8221; row_type=&#8221;row&#8221; use_row_as_full_screen_section=&#8221;no&#8221; type=&#8221;full_width&#8221; angled_section=&#8221;no&#8221; text_align=&#8221;left&#8221; background_image_as_pattern=&#8221;without_pattern&#8221;][vc_column][vc_separator type=&#8221;normal&#8221; color=&#8221;#ffffff&#8221; thickness=&#8221;1&#8243;][vc_column_text css=&#8221;.vc_custom_1714509811637{margin-bottom: 40px !important;}&#8221;] THIRD PERSON [\/vc_column_text][vc_column_text css=&#8221;.vc_custom_1714509847394{margin-bottom: 40px !important;}&#8221;] Terceira Pessoa is an artistic creation structure founded in 2012 by Ana Gil and Nuno Le\u00e3o [\/vc_column_text][vc_column_text]His work is based on three axes of action:&#8230;<\/p>\n","protected":false},"author":1,"featured_media":0,"parent":0,"menu_order":0,"comment_status":"closed","ping_status":"closed","template":"","meta":{"footnotes":""},"class_list":["post-17307","page","type-page","status-publish","hentry"],"_links":{"self":[{"href":"https:\/\/www.terceirapessoa.pt\/en\/wp-json\/wp\/v2\/pages\/17307","targetHints":{"allow":["GET"]}}],"collection":[{"href":"https:\/\/www.terceirapessoa.pt\/en\/wp-json\/wp\/v2\/pages"}],"about":[{"href":"https:\/\/www.terceirapessoa.pt\/en\/wp-json\/wp\/v2\/types\/page"}],"author":[{"embeddable":true,"href":"https:\/\/www.terceirapessoa.pt\/en\/wp-json\/wp\/v2\/users\/1"}],"replies":[{"embeddable":true,"href":"https:\/\/www.terceirapessoa.pt\/en\/wp-json\/wp\/v2\/comments?post=17307"}],"version-history":[{"count":6,"href":"https:\/\/www.terceirapessoa.pt\/en\/wp-json\/wp\/v2\/pages\/17307\/revisions"}],"predecessor-version":[{"id":17425,"href":"https:\/\/www.terceirapessoa.pt\/en\/wp-json\/wp\/v2\/pages\/17307\/revisions\/17425"}],"wp:attachment":[{"href":"https:\/\/www.terceirapessoa.pt\/en\/wp-json\/wp\/v2\/media?parent=17307"}],"curies":[{"name":"wp","href":"https:\/\/api.w.org\/{rel}","templated":true}]}}